{"id":1250,"date":"2021-06-14T10:37:01","date_gmt":"2021-06-14T08:37:01","guid":{"rendered":"http:\/\/emmaus67.pro.dns-orange.fr\/wp\/?page_id=1250"},"modified":"2021-07-29T11:52:38","modified_gmt":"2021-07-29T09:52:38","slug":"1250-2","status":"publish","type":"page","link":"https:\/\/www.emmaus-nordalsace.fr\/?page_id=1250","title":{"rendered":"Mentions L\u00e9gales"},"content":{"rendered":"\n<h2 class=\"has-text-color has-large-font-size wp-block-heading\" style=\"color:#535556\">Mentions l\u00e9gales<\/h2>\n\n\n\n<p><strong>\u00c9DITEUR<\/strong><\/p>\n\n\n\n<p>Emma\u00fcs Haguenau, 99 route de Bischwiller \u2013 67500 HAGUENAU &#8211; Tel : 03 88 53 80 33 &#8211; Num\u00e9ro SIRET : 327.286.886.000.12<\/p>\n\n\n\n<p><strong>H\u00c9BERGEMENT DU SITE<\/strong><\/p>\n\n\n\n<p>OVH Groupe SAS, soci\u00e9t\u00e9 immatricul\u00e9e au RCS de Lille sous le num\u00e9ro 537 407 926 sise 2, rue Kellermann, 59100 Roubaix<\/p>\n\n\n\n<p><strong>DROIT D\u2019ACC\u00c8S ET DE RECTIFICATION<\/strong><\/p>\n\n\n\n<p>Conform\u00e9ment \u00e0 la loi Informatique et Libert\u00e9s du 6 Janvier 1978, vous disposez d\u2019un droit d\u2019acc\u00e8s et de rectification aux donn\u00e9es personnelles vous concernant. Si vous souhaitez exercer ce droit, il vous suffit de nous \u00e9crire (via la page \u00ab\u00a0Nous contacter\u00a0\u00bb).<\/p>\n\n\n\n<p><strong>DROITS D\u2019AUTEUR \u2013 DROITS DE REPRODUCTION<\/strong><\/p>\n\n\n\n<p>L\u2019ensemble de ce site rel\u00e8ve de la l\u00e9gislation fran\u00e7aise et internationale sur le droit d\u2019auteur et la propri\u00e9t\u00e9 intellectuelle. Tous les droits de reproduction sont r\u00e9serv\u00e9s, y compris les repr\u00e9sentations iconographiques et photographiques. La reproduction de tout ou partie de ce site sur un support quel qu\u2019il soit, est formellement interdite sauf autorisation expresse du responsable du site. La reproduction des textes sur un support papier est autoris\u00e9e dans le cadre p\u00e9dagogique, sous r\u00e9serve du respect des trois conditions suivantes :<\/p>\n\n\n\n<ol class=\"wp-block-list\" type=\"1\"><li>gratuit\u00e9 de la diffusion<\/li><li>respect de l\u2019int\u00e9grit\u00e9 des documents reproduits (pas de modification ni alt\u00e9ration)<\/li><li>citation claire et lisible de la source sous la forme suivante : \u201cDocument issu du site Internet d\u2019Emma\u00fcs Nord-Alsace. Les droits de reproduction sont r\u00e9serv\u00e9s et strictement limit\u00e9s\u201d.<\/li><\/ol>\n\n\n\n<p><\/p>\n\n\n\n<p><strong>Mentions l\u00e9gales r\u00e9glement\u00e9es par la Loi n\u00b0 2004-575 du 21 juin 2004 pour la confiance dans l\u2019\u00e9conomie num\u00e9rique.<\/strong><\/p>\n","protected":false},"excerpt":{"rendered":"<p>Mentions l\u00e9gales \u00c9DITEUR Emma\u00fcs Haguenau, 99 route de Bischwiller \u2013 67500 HAGUENAU &#8211; Tel : 03 88 53 80 33 &#8211; Num\u00e9ro SIRET : 327.286.886.000.12 H\u00c9BERGEMENT DU SITE OVH Groupe SAS, soci\u00e9t\u00e9 immatricul\u00e9e au RCS de Lille sous le num\u00e9ro 537 407 926 sise 2, rue Kellermann, 59100 Roubaix DROIT D\u2019ACC\u00c8S ET DE RECTIFICATION Conform\u00e9ment&hellip;&nbsp;<a href=\"https:\/\/www.emmaus-nordalsace.fr\/?page_id=1250\" rel=\"bookmark\">Lire la suite &raquo;<span class=\"screen-reader-text\">Mentions L\u00e9gales<\/span><\/a><\/p>\n","protected":false},"author":1,"featured_media":0,"parent":0,"menu_order":0,"comment_status":"closed","ping_status":"closed","template":"","meta":{"neve_meta_sidebar":"full-width","neve_meta_container":"","neve_meta_enable_content_width":"on","neve_meta_content_width":70,"neve_meta_title_alignment":"","neve_meta_author_avatar":"","neve_post_elements_order":"","neve_meta_disable_header":"","neve_meta_disable_footer":"","neve_meta_disable_title":"","_themeisle_gutenberg_block_has_review":false,"footnotes":""},"class_list":["post-1250","page","type-page","status-publish","hentry"],"jetpack_sharing_enabled":true,"_links":{"self":[{"href":"https:\/\/www.emmaus-nordalsace.fr\/index.php?rest_route=\/wp\/v2\/pages\/1250","targetHints":{"allow":["GET"]}}],"collection":[{"href":"https:\/\/www.emmaus-nordalsace.fr\/index.php?rest_route=\/wp\/v2\/pages"}],"about":[{"href":"https:\/\/www.emmaus-nordalsace.fr\/index.php?rest_route=\/wp\/v2\/types\/page"}],"author":[{"embeddable":true,"href":"https:\/\/www.emmaus-nordalsace.fr\/index.php?rest_route=\/wp\/v2\/users\/1"}],"replies":[{"embeddable":true,"href":"https:\/\/www.emmaus-nordalsace.fr\/index.php?rest_route=%2Fwp%2Fv2%2Fcomments&post=1250"}],"version-history":[{"count":3,"href":"https:\/\/www.emmaus-nordalsace.fr\/index.php?rest_route=\/wp\/v2\/pages\/1250\/revisions"}],"predecessor-version":[{"id":2566,"href":"https:\/\/www.emmaus-nordalsace.fr\/index.php?rest_route=\/wp\/v2\/pages\/1250\/revisions\/2566"}],"wp:attachment":[{"href":"https:\/\/www.emmaus-nordalsace.fr\/index.php?rest_route=%2Fwp%2Fv2%2Fmedia&parent=1250"}],"curies":[{"name":"wp","href":"https:\/\/api.w.org\/{rel}","templated":true}]}}