{"id":106,"date":"2020-11-10T11:25:02","date_gmt":"2020-11-10T10:25:02","guid":{"rendered":"https:\/\/testemmaushagsav.wordpress.com\/?page_id=106"},"modified":"2025-06-02T15:35:28","modified_gmt":"2025-06-02T13:35:28","slug":"histoire-de-la-communaute-de-haguenau","status":"publish","type":"page","link":"https:\/\/www.emmaus-nordalsace.fr\/?page_id=106","title":{"rendered":"Haguenau Saverne Wissembourg"},"content":{"rendered":"\n<div style=\"height:63px\" aria-hidden=\"true\" class=\"wp-block-spacer\"><\/div>\n\n\n\n<h2 class=\"wp-block-heading has-text-color\" style=\"color:#4c4f50;font-size:40px\">Haguenau Saverne<\/h2>\n\n\n<div class=\"wp-block-image\">\n<figure class=\"aligncenter size-full\"><img loading=\"lazy\" decoding=\"async\" width=\"300\" height=\"179\" src=\"https:\/\/www.emmaus-nordalsace.fr\/wp-content\/uploads\/2021\/07\/MAISON-HABITATION-B-300x179-1.jpg\" alt=\"\" class=\"wp-image-2316\"\/><\/figure>\n<\/div>\n\n\n<div style=\"height:55px\" aria-hidden=\"true\" class=\"wp-block-spacer\"><\/div>\n\n\n\n<h2 class=\"wp-block-heading has-text-color has-x-large-font-size\" style=\"color:#4c4f50\">Un peu d&rsquo;histoire &#8230;<\/h2>\n\n\n\n<figure class=\"wp-block-image size-large\"><img loading=\"lazy\" decoding=\"async\" width=\"1024\" height=\"576\" src=\"https:\/\/www.emmaus-nordalsace.fr\/wp-content\/uploads\/2022\/04\/Dates-cles-2022-1024x576.jpg\" alt=\"\" class=\"wp-image-3160\" srcset=\"https:\/\/www.emmaus-nordalsace.fr\/wp-content\/uploads\/2022\/04\/Dates-cles-2022-1024x576.jpg 1024w, https:\/\/www.emmaus-nordalsace.fr\/wp-content\/uploads\/2022\/04\/Dates-cles-2022-300x169.jpg 300w, https:\/\/www.emmaus-nordalsace.fr\/wp-content\/uploads\/2022\/04\/Dates-cles-2022-768x432.jpg 768w, https:\/\/www.emmaus-nordalsace.fr\/wp-content\/uploads\/2022\/04\/Dates-cles-2022-24x14.jpg 24w, https:\/\/www.emmaus-nordalsace.fr\/wp-content\/uploads\/2022\/04\/Dates-cles-2022-36x20.jpg 36w, https:\/\/www.emmaus-nordalsace.fr\/wp-content\/uploads\/2022\/04\/Dates-cles-2022-48x27.jpg 48w, https:\/\/www.emmaus-nordalsace.fr\/wp-content\/uploads\/2022\/04\/Dates-cles-2022.jpg 1280w\" sizes=\"auto, (max-width: 1024px) 100vw, 1024px\" \/><\/figure>\n\n\n\n<div style=\"height:54px\" aria-hidden=\"true\" class=\"wp-block-spacer\"><\/div>\n\n\n\n<h2 class=\"wp-block-heading has-text-color has-x-large-font-size\" style=\"color:#4c4f50\">Nos actions<\/h2>\n\n\n\n<div class=\"wp-block-media-text is-stacked-on-mobile\" style=\"grid-template-columns:48% auto\"><figure class=\"wp-block-media-text__media\"><img loading=\"lazy\" decoding=\"async\" width=\"1024\" height=\"724\" src=\"http:\/\/emmaus-nordalsace.fr\/wp-content\/uploads\/2021\/07\/Nos-actions-1024x724.png\" alt=\"\" class=\"wp-image-2552 size-full\" srcset=\"https:\/\/www.emmaus-nordalsace.fr\/wp-content\/uploads\/2021\/07\/Nos-actions-1024x724.png 1024w, https:\/\/www.emmaus-nordalsace.fr\/wp-content\/uploads\/2021\/07\/Nos-actions-300x212.png 300w, https:\/\/www.emmaus-nordalsace.fr\/wp-content\/uploads\/2021\/07\/Nos-actions-768x543.png 768w, https:\/\/www.emmaus-nordalsace.fr\/wp-content\/uploads\/2021\/07\/Nos-actions-1536x1086.png 1536w, https:\/\/www.emmaus-nordalsace.fr\/wp-content\/uploads\/2021\/07\/Nos-actions-2048x1448.png 2048w\" sizes=\"auto, (max-width: 1024px) 100vw, 1024px\" \/><\/figure><div class=\"wp-block-media-text__content\">\n<p><\/p>\n\n\n\n<p>Les sommes collect\u00e9es assurent une autonomie financi\u00e8re au mouvement qui peut ensuite :<\/p>\n\n\n\n<ul class=\"wp-block-list\">\n<li>Accueillir et h\u00e9berger les compagnes et compagnons en \u00e9change de leurs activit\u00e9s.<\/li>\n\n\n\n<li>Accompagner individuellement chaque personne.<\/li>\n\n\n\n<li>R\u00e9pondre aux sollicitations des travailleurs sociaux du territoire.<\/li>\n\n\n\n<li>Assurer un h\u00e9bergement d\u2019urgence. <\/li>\n\n\n\n<li>Accompagner des familles en situation de surendettement via<a href=\"..\/?page_id=2579\">&nbsp;SOS Familles<\/a><\/li>\n<\/ul>\n\n\n\n<p><\/p>\n<\/div><\/div>\n\n\n\n<div style=\"height:77px\" aria-hidden=\"true\" class=\"wp-block-spacer\"><\/div>\n\n\n\n<h2 class=\"wp-block-heading has-text-color has-x-large-font-size\" style=\"color:#4c4f50\">Nos salles de vente en images<\/h2>\n\n\n\n<div style=\"height:38px\" aria-hidden=\"true\" class=\"wp-block-spacer\"><\/div>\n\n\n\n<div class=\"wp-block-columns is-layout-flex wp-container-core-columns-is-layout-9d6595d7 wp-block-columns-is-layout-flex\">\n<div class=\"wp-block-column is-layout-flow wp-block-column-is-layout-flow\">\n<h2 class=\"wp-block-heading\"><\/h2>\n\n\n\n<h2 class=\"wp-block-heading has-text-align-center has-text-color has-x-large-font-size\" style=\"color:#4c4f50\">Saverne<\/h2>\n<\/div>\n\n\n\n<div class=\"wp-block-column is-layout-flow wp-block-column-is-layout-flow\">\n<h2 class=\"wp-block-heading has-text-align-center has-text-color has-x-large-font-size\" style=\"color:#4c4f50\">Haguenau<\/h2>\n<\/div>\n<\/div>\n\n\n\n<div class=\"wp-block-columns is-layout-flex wp-container-core-columns-is-layout-9d6595d7 wp-block-columns-is-layout-flex\">\n<div class=\"wp-block-column is-layout-flow wp-block-column-is-layout-flow\">\n<div class=\"wp-block-jetpack-slideshow aligncenter\" data-effect=\"slide\"><div class=\"wp-block-jetpack-slideshow_container swiper-container\"><ul class=\"wp-block-jetpack-slideshow_swiper-wrapper swiper-wrapper\"><li class=\"wp-block-jetpack-slideshow_slide swiper-slide\"><figure><img loading=\"lazy\" decoding=\"async\" width=\"1024\" height=\"681\" alt=\"\" class=\"wp-block-jetpack-slideshow_image wp-image-1413\" data-id=\"1413\" src=\"https:\/\/www.emmaus-nordalsace.fr\/wp-content\/uploads\/2021\/06\/DSC04458-1024x681.jpg\" srcset=\"https:\/\/www.emmaus-nordalsace.fr\/wp-content\/uploads\/2021\/06\/DSC04458-1024x681.jpg 1024w, https:\/\/www.emmaus-nordalsace.fr\/wp-content\/uploads\/2021\/06\/DSC04458-300x200.jpg 300w, https:\/\/www.emmaus-nordalsace.fr\/wp-content\/uploads\/2021\/06\/DSC04458-768x511.jpg 768w, https:\/\/www.emmaus-nordalsace.fr\/wp-content\/uploads\/2021\/06\/DSC04458-1536x1022.jpg 1536w, https:\/\/www.emmaus-nordalsace.fr\/wp-content\/uploads\/2021\/06\/DSC04458-2048x1363.jpg 2048w\" sizes=\"(max-width: 1024px) 100vw, 1024px\" \/><\/figure><\/li><li class=\"wp-block-jetpack-slideshow_slide swiper-slide\"><figure><img loading=\"lazy\" decoding=\"async\" width=\"1024\" height=\"771\" alt=\"\" class=\"wp-block-jetpack-slideshow_image wp-image-5428\" data-id=\"5428\" src=\"https:\/\/www.emmaus-nordalsace.fr\/wp-content\/uploads\/2025\/01\/1710506325561-1024x771.jpg\" srcset=\"https:\/\/www.emmaus-nordalsace.fr\/wp-content\/uploads\/2025\/01\/1710506325561-1024x771.jpg 1024w, https:\/\/www.emmaus-nordalsace.fr\/wp-content\/uploads\/2025\/01\/1710506325561-300x226.jpg 300w, https:\/\/www.emmaus-nordalsace.fr\/wp-content\/uploads\/2025\/01\/1710506325561-768x578.jpg 768w, https:\/\/www.emmaus-nordalsace.fr\/wp-content\/uploads\/2025\/01\/1710506325561-1536x1157.jpg 1536w, https:\/\/www.emmaus-nordalsace.fr\/wp-content\/uploads\/2025\/01\/1710506325561-2048x1542.jpg 2048w, https:\/\/www.emmaus-nordalsace.fr\/wp-content\/uploads\/2025\/01\/1710506325561-24x18.jpg 24w, https:\/\/www.emmaus-nordalsace.fr\/wp-content\/uploads\/2025\/01\/1710506325561-36x27.jpg 36w, https:\/\/www.emmaus-nordalsace.fr\/wp-content\/uploads\/2025\/01\/1710506325561-48x36.jpg 48w\" sizes=\"(max-width: 1024px) 100vw, 1024px\" \/><\/figure><\/li><li class=\"wp-block-jetpack-slideshow_slide swiper-slide\"><figure><img loading=\"lazy\" decoding=\"async\" width=\"1024\" height=\"771\" alt=\"\" class=\"wp-block-jetpack-slideshow_image wp-image-5429\" data-id=\"5429\" src=\"https:\/\/www.emmaus-nordalsace.fr\/wp-content\/uploads\/2025\/01\/1710506325564-1024x771.jpg\" srcset=\"https:\/\/www.emmaus-nordalsace.fr\/wp-content\/uploads\/2025\/01\/1710506325564-1024x771.jpg 1024w, https:\/\/www.emmaus-nordalsace.fr\/wp-content\/uploads\/2025\/01\/1710506325564-300x226.jpg 300w, https:\/\/www.emmaus-nordalsace.fr\/wp-content\/uploads\/2025\/01\/1710506325564-768x578.jpg 768w, https:\/\/www.emmaus-nordalsace.fr\/wp-content\/uploads\/2025\/01\/1710506325564-1536x1157.jpg 1536w, https:\/\/www.emmaus-nordalsace.fr\/wp-content\/uploads\/2025\/01\/1710506325564-2048x1542.jpg 2048w, https:\/\/www.emmaus-nordalsace.fr\/wp-content\/uploads\/2025\/01\/1710506325564-24x18.jpg 24w, https:\/\/www.emmaus-nordalsace.fr\/wp-content\/uploads\/2025\/01\/1710506325564-36x27.jpg 36w, https:\/\/www.emmaus-nordalsace.fr\/wp-content\/uploads\/2025\/01\/1710506325564-48x36.jpg 48w\" sizes=\"(max-width: 1024px) 100vw, 1024px\" \/><\/figure><\/li><li class=\"wp-block-jetpack-slideshow_slide swiper-slide\"><figure><img loading=\"lazy\" decoding=\"async\" width=\"1024\" height=\"768\" alt=\"\" class=\"wp-block-jetpack-slideshow_image wp-image-2803\" data-id=\"2803\" src=\"https:\/\/www.emmaus-nordalsace.fr\/wp-content\/uploads\/2021\/10\/IMG_1141-1024x768.jpg\" srcset=\"https:\/\/www.emmaus-nordalsace.fr\/wp-content\/uploads\/2021\/10\/IMG_1141-1024x768.jpg 1024w, https:\/\/www.emmaus-nordalsace.fr\/wp-content\/uploads\/2021\/10\/IMG_1141-300x225.jpg 300w, https:\/\/www.emmaus-nordalsace.fr\/wp-content\/uploads\/2021\/10\/IMG_1141-768x576.jpg 768w, https:\/\/www.emmaus-nordalsace.fr\/wp-content\/uploads\/2021\/10\/IMG_1141-1536x1152.jpg 1536w, https:\/\/www.emmaus-nordalsace.fr\/wp-content\/uploads\/2021\/10\/IMG_1141-24x18.jpg 24w, https:\/\/www.emmaus-nordalsace.fr\/wp-content\/uploads\/2021\/10\/IMG_1141-36x27.jpg 36w, https:\/\/www.emmaus-nordalsace.fr\/wp-content\/uploads\/2021\/10\/IMG_1141-48x36.jpg 48w, https:\/\/www.emmaus-nordalsace.fr\/wp-content\/uploads\/2021\/10\/IMG_1141.jpg 2016w\" sizes=\"(max-width: 1024px) 100vw, 1024px\" \/><\/figure><\/li><li class=\"wp-block-jetpack-slideshow_slide swiper-slide\"><figure><img loading=\"lazy\" decoding=\"async\" width=\"1024\" height=\"771\" alt=\"\" class=\"wp-block-jetpack-slideshow_image wp-image-5430\" data-id=\"5430\" src=\"https:\/\/www.emmaus-nordalsace.fr\/wp-content\/uploads\/2025\/01\/1710506325574-1024x771.jpg\" srcset=\"https:\/\/www.emmaus-nordalsace.fr\/wp-content\/uploads\/2025\/01\/1710506325574-1024x771.jpg 1024w, https:\/\/www.emmaus-nordalsace.fr\/wp-content\/uploads\/2025\/01\/1710506325574-300x226.jpg 300w, https:\/\/www.emmaus-nordalsace.fr\/wp-content\/uploads\/2025\/01\/1710506325574-768x578.jpg 768w, https:\/\/www.emmaus-nordalsace.fr\/wp-content\/uploads\/2025\/01\/1710506325574-1536x1157.jpg 1536w, https:\/\/www.emmaus-nordalsace.fr\/wp-content\/uploads\/2025\/01\/1710506325574-2048x1542.jpg 2048w, https:\/\/www.emmaus-nordalsace.fr\/wp-content\/uploads\/2025\/01\/1710506325574-24x18.jpg 24w, https:\/\/www.emmaus-nordalsace.fr\/wp-content\/uploads\/2025\/01\/1710506325574-36x27.jpg 36w, https:\/\/www.emmaus-nordalsace.fr\/wp-content\/uploads\/2025\/01\/1710506325574-48x36.jpg 48w\" sizes=\"(max-width: 1024px) 100vw, 1024px\" \/><\/figure><\/li><li class=\"wp-block-jetpack-slideshow_slide swiper-slide\"><figure><img loading=\"lazy\" decoding=\"async\" width=\"1024\" height=\"771\" alt=\"\" class=\"wp-block-jetpack-slideshow_image wp-image-5431\" data-id=\"5431\" src=\"https:\/\/www.emmaus-nordalsace.fr\/wp-content\/uploads\/2025\/01\/1710506325586-1024x771.jpg\" srcset=\"https:\/\/www.emmaus-nordalsace.fr\/wp-content\/uploads\/2025\/01\/1710506325586-1024x771.jpg 1024w, https:\/\/www.emmaus-nordalsace.fr\/wp-content\/uploads\/2025\/01\/1710506325586-300x226.jpg 300w, https:\/\/www.emmaus-nordalsace.fr\/wp-content\/uploads\/2025\/01\/1710506325586-768x578.jpg 768w, https:\/\/www.emmaus-nordalsace.fr\/wp-content\/uploads\/2025\/01\/1710506325586-1536x1157.jpg 1536w, https:\/\/www.emmaus-nordalsace.fr\/wp-content\/uploads\/2025\/01\/1710506325586-2048x1542.jpg 2048w, https:\/\/www.emmaus-nordalsace.fr\/wp-content\/uploads\/2025\/01\/1710506325586-24x18.jpg 24w, https:\/\/www.emmaus-nordalsace.fr\/wp-content\/uploads\/2025\/01\/1710506325586-36x27.jpg 36w, https:\/\/www.emmaus-nordalsace.fr\/wp-content\/uploads\/2025\/01\/1710506325586-48x36.jpg 48w\" sizes=\"(max-width: 1024px) 100vw, 1024px\" \/><\/figure><\/li><\/ul><a class=\"wp-block-jetpack-slideshow_button-prev swiper-button-prev swiper-button-white\" role=\"button\"><\/a><a class=\"wp-block-jetpack-slideshow_button-next swiper-button-next swiper-button-white\" role=\"button\"><\/a><a aria-label=\"Pause Slideshow\" class=\"wp-block-jetpack-slideshow_button-pause\" role=\"button\"><\/a><div class=\"wp-block-jetpack-slideshow_pagination swiper-pagination swiper-pagination-white\"><\/div><\/div><\/div>\n<\/div>\n\n\n\n<div class=\"wp-block-column is-layout-flow wp-block-column-is-layout-flow\">\n<div class=\"wp-block-jetpack-slideshow aligncenter\" data-effect=\"slide\"><div class=\"wp-block-jetpack-slideshow_container swiper-container\"><ul class=\"wp-block-jetpack-slideshow_swiper-wrapper swiper-wrapper\"><li class=\"wp-block-jetpack-slideshow_slide swiper-slide\"><figure><img loading=\"lazy\" decoding=\"async\" width=\"1024\" height=\"413\" alt=\"\" class=\"wp-block-jetpack-slideshow_image wp-image-4200\" data-id=\"4200\" src=\"https:\/\/www.emmaus-nordalsace.fr\/wp-content\/uploads\/2023\/06\/Photo-de-groupe-v2-1024x413.jpg\" srcset=\"https:\/\/www.emmaus-nordalsace.fr\/wp-content\/uploads\/2023\/06\/Photo-de-groupe-v2-1024x413.jpg 1024w, https:\/\/www.emmaus-nordalsace.fr\/wp-content\/uploads\/2023\/06\/Photo-de-groupe-v2-300x121.jpg 300w, https:\/\/www.emmaus-nordalsace.fr\/wp-content\/uploads\/2023\/06\/Photo-de-groupe-v2-768x310.jpg 768w, https:\/\/www.emmaus-nordalsace.fr\/wp-content\/uploads\/2023\/06\/Photo-de-groupe-v2-1536x620.jpg 1536w, https:\/\/www.emmaus-nordalsace.fr\/wp-content\/uploads\/2023\/06\/Photo-de-groupe-v2-2048x827.jpg 2048w, https:\/\/www.emmaus-nordalsace.fr\/wp-content\/uploads\/2023\/06\/Photo-de-groupe-v2-24x10.jpg 24w, https:\/\/www.emmaus-nordalsace.fr\/wp-content\/uploads\/2023\/06\/Photo-de-groupe-v2-36x15.jpg 36w, https:\/\/www.emmaus-nordalsace.fr\/wp-content\/uploads\/2023\/06\/Photo-de-groupe-v2-48x19.jpg 48w\" sizes=\"(max-width: 1024px) 100vw, 1024px\" \/><\/figure><\/li><li class=\"wp-block-jetpack-slideshow_slide swiper-slide\"><figure><img loading=\"lazy\" decoding=\"async\" width=\"1024\" height=\"768\" alt=\"\" class=\"wp-block-jetpack-slideshow_image wp-image-5424\" data-id=\"5424\" src=\"https:\/\/www.emmaus-nordalsace.fr\/wp-content\/uploads\/2025\/01\/IMG_0014-1024x768.jpg\" srcset=\"https:\/\/www.emmaus-nordalsace.fr\/wp-content\/uploads\/2025\/01\/IMG_0014-1024x768.jpg 1024w, https:\/\/www.emmaus-nordalsace.fr\/wp-content\/uploads\/2025\/01\/IMG_0014-300x225.jpg 300w, https:\/\/www.emmaus-nordalsace.fr\/wp-content\/uploads\/2025\/01\/IMG_0014-768x576.jpg 768w, https:\/\/www.emmaus-nordalsace.fr\/wp-content\/uploads\/2025\/01\/IMG_0014-1536x1152.jpg 1536w, https:\/\/www.emmaus-nordalsace.fr\/wp-content\/uploads\/2025\/01\/IMG_0014-2048x1536.jpg 2048w, https:\/\/www.emmaus-nordalsace.fr\/wp-content\/uploads\/2025\/01\/IMG_0014-24x18.jpg 24w, https:\/\/www.emmaus-nordalsace.fr\/wp-content\/uploads\/2025\/01\/IMG_0014-36x27.jpg 36w, https:\/\/www.emmaus-nordalsace.fr\/wp-content\/uploads\/2025\/01\/IMG_0014-48x36.jpg 48w\" sizes=\"(max-width: 1024px) 100vw, 1024px\" \/><\/figure><\/li><li class=\"wp-block-jetpack-slideshow_slide swiper-slide\"><figure><img loading=\"lazy\" decoding=\"async\" width=\"1024\" height=\"768\" alt=\"\" class=\"wp-block-jetpack-slideshow_image wp-image-5425\" data-id=\"5425\" src=\"https:\/\/www.emmaus-nordalsace.fr\/wp-content\/uploads\/2025\/01\/IMG_0024-1024x768.jpg\" srcset=\"https:\/\/www.emmaus-nordalsace.fr\/wp-content\/uploads\/2025\/01\/IMG_0024-1024x768.jpg 1024w, https:\/\/www.emmaus-nordalsace.fr\/wp-content\/uploads\/2025\/01\/IMG_0024-300x225.jpg 300w, https:\/\/www.emmaus-nordalsace.fr\/wp-content\/uploads\/2025\/01\/IMG_0024-768x576.jpg 768w, https:\/\/www.emmaus-nordalsace.fr\/wp-content\/uploads\/2025\/01\/IMG_0024-1536x1152.jpg 1536w, https:\/\/www.emmaus-nordalsace.fr\/wp-content\/uploads\/2025\/01\/IMG_0024-2048x1536.jpg 2048w, https:\/\/www.emmaus-nordalsace.fr\/wp-content\/uploads\/2025\/01\/IMG_0024-24x18.jpg 24w, https:\/\/www.emmaus-nordalsace.fr\/wp-content\/uploads\/2025\/01\/IMG_0024-36x27.jpg 36w, https:\/\/www.emmaus-nordalsace.fr\/wp-content\/uploads\/2025\/01\/IMG_0024-48x36.jpg 48w\" sizes=\"(max-width: 1024px) 100vw, 1024px\" \/><\/figure><\/li><li class=\"wp-block-jetpack-slideshow_slide swiper-slide\"><figure><img loading=\"lazy\" decoding=\"async\" width=\"1024\" height=\"768\" alt=\"\" class=\"wp-block-jetpack-slideshow_image wp-image-5426\" data-id=\"5426\" src=\"https:\/\/www.emmaus-nordalsace.fr\/wp-content\/uploads\/2025\/01\/IMG_0027-1024x768.jpg\" srcset=\"https:\/\/www.emmaus-nordalsace.fr\/wp-content\/uploads\/2025\/01\/IMG_0027-1024x768.jpg 1024w, https:\/\/www.emmaus-nordalsace.fr\/wp-content\/uploads\/2025\/01\/IMG_0027-300x225.jpg 300w, https:\/\/www.emmaus-nordalsace.fr\/wp-content\/uploads\/2025\/01\/IMG_0027-768x576.jpg 768w, https:\/\/www.emmaus-nordalsace.fr\/wp-content\/uploads\/2025\/01\/IMG_0027-1536x1152.jpg 1536w, https:\/\/www.emmaus-nordalsace.fr\/wp-content\/uploads\/2025\/01\/IMG_0027-2048x1536.jpg 2048w, https:\/\/www.emmaus-nordalsace.fr\/wp-content\/uploads\/2025\/01\/IMG_0027-24x18.jpg 24w, https:\/\/www.emmaus-nordalsace.fr\/wp-content\/uploads\/2025\/01\/IMG_0027-36x27.jpg 36w, https:\/\/www.emmaus-nordalsace.fr\/wp-content\/uploads\/2025\/01\/IMG_0027-48x36.jpg 48w\" sizes=\"(max-width: 1024px) 100vw, 1024px\" \/><\/figure><\/li><li class=\"wp-block-jetpack-slideshow_slide swiper-slide\"><figure><img loading=\"lazy\" decoding=\"async\" width=\"1024\" height=\"681\" alt=\"\" class=\"wp-block-jetpack-slideshow_image wp-image-1348\" data-id=\"1348\" src=\"https:\/\/www.emmaus-nordalsace.fr\/wp-content\/uploads\/2021\/06\/DSC04506-1024x681.jpg\" srcset=\"https:\/\/www.emmaus-nordalsace.fr\/wp-content\/uploads\/2021\/06\/DSC04506-1024x681.jpg 1024w, https:\/\/www.emmaus-nordalsace.fr\/wp-content\/uploads\/2021\/06\/DSC04506-300x200.jpg 300w, https:\/\/www.emmaus-nordalsace.fr\/wp-content\/uploads\/2021\/06\/DSC04506-768x511.jpg 768w, https:\/\/www.emmaus-nordalsace.fr\/wp-content\/uploads\/2021\/06\/DSC04506-1536x1022.jpg 1536w, https:\/\/www.emmaus-nordalsace.fr\/wp-content\/uploads\/2021\/06\/DSC04506-2048x1363.jpg 2048w, https:\/\/www.emmaus-nordalsace.fr\/wp-content\/uploads\/2021\/06\/DSC04506-1200x799.jpg 1200w, https:\/\/www.emmaus-nordalsace.fr\/wp-content\/uploads\/2021\/06\/DSC04506-1980x1318.jpg 1980w\" sizes=\"(max-width: 1024px) 100vw, 1024px\" \/><\/figure><\/li><li class=\"wp-block-jetpack-slideshow_slide swiper-slide\"><figure><img loading=\"lazy\" decoding=\"async\" width=\"1024\" height=\"768\" alt=\"\" class=\"wp-block-jetpack-slideshow_image wp-image-2805\" data-id=\"2805\" src=\"https:\/\/www.emmaus-nordalsace.fr\/wp-content\/uploads\/2021\/10\/IMG_3447-1024x768.jpg\" srcset=\"https:\/\/www.emmaus-nordalsace.fr\/wp-content\/uploads\/2021\/10\/IMG_3447-1024x768.jpg 1024w, https:\/\/www.emmaus-nordalsace.fr\/wp-content\/uploads\/2021\/10\/IMG_3447-300x225.jpg 300w, https:\/\/www.emmaus-nordalsace.fr\/wp-content\/uploads\/2021\/10\/IMG_3447-768x576.jpg 768w, https:\/\/www.emmaus-nordalsace.fr\/wp-content\/uploads\/2021\/10\/IMG_3447-24x18.jpg 24w, https:\/\/www.emmaus-nordalsace.fr\/wp-content\/uploads\/2021\/10\/IMG_3447-36x27.jpg 36w, https:\/\/www.emmaus-nordalsace.fr\/wp-content\/uploads\/2021\/10\/IMG_3447-48x36.jpg 48w, https:\/\/www.emmaus-nordalsace.fr\/wp-content\/uploads\/2021\/10\/IMG_3447.jpg 1408w\" sizes=\"(max-width: 1024px) 100vw, 1024px\" \/><\/figure><\/li><li class=\"wp-block-jetpack-slideshow_slide swiper-slide\"><figure><img loading=\"lazy\" decoding=\"async\" width=\"1024\" height=\"768\" alt=\"\" class=\"wp-block-jetpack-slideshow_image wp-image-2806\" data-id=\"2806\" src=\"https:\/\/www.emmaus-nordalsace.fr\/wp-content\/uploads\/2021\/10\/IMG_8582-1024x768.jpg\" srcset=\"https:\/\/www.emmaus-nordalsace.fr\/wp-content\/uploads\/2021\/10\/IMG_8582-1024x768.jpg 1024w, https:\/\/www.emmaus-nordalsace.fr\/wp-content\/uploads\/2021\/10\/IMG_8582-300x225.jpg 300w, https:\/\/www.emmaus-nordalsace.fr\/wp-content\/uploads\/2021\/10\/IMG_8582-768x576.jpg 768w, https:\/\/www.emmaus-nordalsace.fr\/wp-content\/uploads\/2021\/10\/IMG_8582-1536x1152.jpg 1536w, https:\/\/www.emmaus-nordalsace.fr\/wp-content\/uploads\/2021\/10\/IMG_8582-24x18.jpg 24w, https:\/\/www.emmaus-nordalsace.fr\/wp-content\/uploads\/2021\/10\/IMG_8582-36x27.jpg 36w, https:\/\/www.emmaus-nordalsace.fr\/wp-content\/uploads\/2021\/10\/IMG_8582-48x36.jpg 48w, https:\/\/www.emmaus-nordalsace.fr\/wp-content\/uploads\/2021\/10\/IMG_8582.jpg 2016w\" sizes=\"(max-width: 1024px) 100vw, 1024px\" \/><\/figure><\/li><\/ul><a class=\"wp-block-jetpack-slideshow_button-prev swiper-button-prev swiper-button-white\" role=\"button\"><\/a><a class=\"wp-block-jetpack-slideshow_button-next swiper-button-next swiper-button-white\" role=\"button\"><\/a><a aria-label=\"Pause Slideshow\" class=\"wp-block-jetpack-slideshow_button-pause\" role=\"button\"><\/a><div class=\"wp-block-jetpack-slideshow_pagination swiper-pagination swiper-pagination-white\"><\/div><\/div><\/div>\n<\/div>\n<\/div>\n\n\n\n<div class=\"wp-block-columns is-layout-flex wp-container-core-columns-is-layout-9d6595d7 wp-block-columns-is-layout-flex\">\n<div class=\"wp-block-column is-layout-flow wp-block-column-is-layout-flow\">\n<p><\/p>\n<\/div>\n<\/div>\n\n\n\n<h2 class=\"wp-block-heading has-text-align-center has-x-large-font-size\"><a href=\"..\/?page_id=1091\">Venez nous rendre visite !<\/a><\/h2>\n\n\n\n<div style=\"height:54px\" aria-hidden=\"true\" class=\"wp-block-spacer\"><\/div>\n\n\n\n<h2 class=\"wp-block-heading has-text-color has-x-large-font-size\" style=\"color:#4c4f50\">Nos partenaires solidaires<\/h2>\n\n\n\n<div class=\"wp-block-group alignwide\"><div class=\"wp-block-group__inner-container is-layout-flow wp-block-group-is-layout-flow\">\n<div class=\"wp-block-columns alignwide is-layout-flex wp-container-core-columns-is-layout-9d6595d7 wp-block-columns-is-layout-flex\">\n<div class=\"wp-block-column is-layout-flow wp-block-column-is-layout-flow\"><div class=\"wp-block-image\">\n<figure class=\"aligncenter size-medium is-resized\"><a href=\"https:\/\/emmaus-strasbourg.fr\/\" target=\"_blank\" rel=\"noopener\"><img loading=\"lazy\" decoding=\"async\" width=\"218\" height=\"300\" src=\"https:\/\/emmaus-nordalsace.fr\/wp-content\/uploads\/2021\/07\/logo-montagne-verte-1-218x300.jpg\" alt=\"\" class=\"wp-image-2314\" style=\"width:164px;height:225px\" srcset=\"https:\/\/www.emmaus-nordalsace.fr\/wp-content\/uploads\/2021\/07\/logo-montagne-verte-1-218x300.jpg 218w, https:\/\/www.emmaus-nordalsace.fr\/wp-content\/uploads\/2021\/07\/logo-montagne-verte-1.jpg 271w\" sizes=\"auto, (max-width: 218px) 100vw, 218px\" \/><\/a><\/figure>\n<\/div><\/div>\n\n\n\n<div class=\"wp-block-column is-vertically-aligned-center is-layout-flow wp-block-column-is-layout-flow\">\n<figure class=\"wp-block-image size-full is-resized\"><a href=\"https:\/\/www.emmaus-scherwiller.fr\/\" target=\"_blank\" rel=\"noopener\"><img loading=\"lazy\" decoding=\"async\" width=\"291\" height=\"90\" src=\"https:\/\/emmaus-nordalsace.fr\/wp-content\/uploads\/2021\/07\/logo-scherwiller-1.jpg\" alt=\"\" class=\"wp-image-2315\" style=\"width:218px;height:68px\"\/><\/a><\/figure>\n\n\n\n<p><\/p>\n<\/div>\n<\/div>\n<\/div><\/div>\n","protected":false},"excerpt":{"rendered":"<p>Haguenau Saverne Un peu d&rsquo;histoire &#8230; Nos actions Nos salles de vente en images Saverne Haguenau Venez nous rendre visite ! Nos partenaires solidaires<\/p>\n","protected":false},"author":1,"featured_media":0,"parent":0,"menu_order":0,"comment_status":"closed","ping_status":"closed","template":"","meta":{"neve_meta_sidebar":"default","neve_meta_container":"contained","neve_meta_enable_content_width":"on","neve_meta_content_width":70,"neve_meta_title_alignment":"","neve_meta_author_avatar":"","neve_post_elements_order":"","neve_meta_disable_header":"off","neve_meta_disable_footer":"","neve_meta_disable_title":"on","_themeisle_gutenberg_block_has_review":false,"footnotes":""},"class_list":["post-106","page","type-page","status-publish","hentry"],"jetpack_sharing_enabled":true,"_links":{"self":[{"href":"https:\/\/www.emmaus-nordalsace.fr\/index.php?rest_route=\/wp\/v2\/pages\/106","targetHints":{"allow":["GET"]}}],"collection":[{"href":"https:\/\/www.emmaus-nordalsace.fr\/index.php?rest_route=\/wp\/v2\/pages"}],"about":[{"href":"https:\/\/www.emmaus-nordalsace.fr\/index.php?rest_route=\/wp\/v2\/types\/page"}],"author":[{"embeddable":true,"href":"https:\/\/www.emmaus-nordalsace.fr\/index.php?rest_route=\/wp\/v2\/users\/1"}],"replies":[{"embeddable":true,"href":"https:\/\/www.emmaus-nordalsace.fr\/index.php?rest_route=%2Fwp%2Fv2%2Fcomments&post=106"}],"version-history":[{"count":38,"href":"https:\/\/www.emmaus-nordalsace.fr\/index.php?rest_route=\/wp\/v2\/pages\/106\/revisions"}],"predecessor-version":[{"id":5758,"href":"https:\/\/www.emmaus-nordalsace.fr\/index.php?rest_route=\/wp\/v2\/pages\/106\/revisions\/5758"}],"wp:attachment":[{"href":"https:\/\/www.emmaus-nordalsace.fr\/index.php?rest_route=%2Fwp%2Fv2%2Fmedia&parent=106"}],"curies":[{"name":"wp","href":"https:\/\/api.w.org\/{rel}","templated":true}]}}